{"id":3848,"date":"2021-03-19T15:44:56","date_gmt":"2021-03-19T14:44:56","guid":{"rendered":"https:\/\/insieme.ch\/produit\/und-wenn-ich-nicht-mehr-da-bin\/"},"modified":"2024-07-16T16:35:35","modified_gmt":"2024-07-16T14:35:35","slug":"et-quand-je-ne-serai-plus-la","status":"publish","type":"product","link":"https:\/\/insieme.ch\/fr\/produit\/et-quand-je-ne-serai-plus-la\/","title":{"rendered":"\u00ab&#160;Et quand je ne serai plus l\u00e0\u2026&#160;?&#160;\u00bb"},"content":{"rendered":"<p>Quels probl\u00e8mes peuvent surgir au sein des familles lors d\u2019un d\u00e9c\u00e8s? Existe-t-il des possibilit\u00e9s de rendre la situation moins difficile? La brochure \u00abEt quand je ne serai plus l\u00e0\u2026\u00bb fait le point sur les questions auxquelles les familles avec un membre en situation de handicap mental sont le plus souvent confront\u00e9es.<br \/>\nLa publication fournit des informations essentielles sur l\u2019assurance sociale, les prestations compl\u00e9mentaires et le nouveau droit de protection de l\u2019adulte.<\/p>\n","protected":false},"excerpt":{"rendered":"<p>\u00abEt quand je ne serai plus l\u00e0\u2026?\u00bb: questions et r\u00e9ponses autour du droit successoral \u2013 pour les familles dont un membre est atteint d\u2019un handicap mental&#8221;, insieme 2010, 34 pages.<\/p>\n<p><strong>Nous sommes en train d\u2019actualiser la publication !<\/strong><\/p>\n","protected":false},"featured_media":3849,"template":"","meta":{"_acf_changed":false},"product_brand":[],"product_cat":[150],"product_tag":[],"class_list":{"0":"post-3848","1":"product","2":"type-product","3":"status-publish","4":"has-post-thumbnail","6":"product_cat-publication","7":"wp-sticky","9":"first","10":"instock","11":"shipping-taxable","12":"purchasable","13":"product-type-variable"},"acf":[],"yoast_head":"<!-- This site is optimized with the Yoast SEO plugin v27.4 - https:\/\/yoast.com\/product\/yoast-seo-wordpress\/ -->\n<title>\u00abEt quand je ne serai plus l\u00e0\u2026 ?\u00bb<\/title>\n<meta name=\"robots\" content=\"index, follow, max-snippet:-1, max-image-preview:large, max-video-preview:-1\" \/>\n<link rel=\"canonical\" href=\"https:\/\/insieme.ch\/fr\/produit\/et-quand-je-ne-serai-plus-la\/\" \/>\n<meta property=\"og:locale\" content=\"fr_FR\" \/>\n<meta property=\"og:type\" content=\"article\" \/>\n<meta property=\"og:title\" content=\"\u00abEt quand je ne serai plus l\u00e0\u2026 ?\u00bb\" \/>\n<meta property=\"og:description\" content=\"\u00abEt quand je ne serai plus l\u00e0\u2026?\u00bb: questions et r\u00e9ponses autour du droit successoral \u2013 pour les familles dont un membre est atteint d\u2019un handicap mental&quot;, insieme 2010, 34 pages.  Nous sommes en train d\u2019actualiser la publication !\" \/>\n<meta property=\"og:url\" content=\"https:\/\/insieme.ch\/fr\/produit\/et-quand-je-ne-serai-plus-la\/\" \/>\n<meta property=\"og:site_name\" content=\"insieme.ch\" \/>\n<meta property=\"article:modified_time\" content=\"2024-07-16T14:35:35+00:00\" \/>\n<meta property=\"og:image\" content=\"https:\/\/insieme.ch\/wp-inside\/uploads\/2021\/03\/et-quand-je-ne-serai-plus-la.png\" \/>\n\t<meta property=\"og:image:width\" content=\"583\" \/>\n\t<meta property=\"og:image:height\" content=\"826\" \/>\n\t<meta property=\"og:image:type\" content=\"image\/png\" \/>\n<meta name=\"twitter:card\" content=\"summary_large_image\" \/>\n<script type=\"application\/ld+json\" class=\"yoast-schema-graph\">{\"@context\":\"https:\\\/\\\/schema.org\",\"@graph\":[{\"@type\":\"WebPage\",\"@id\":\"https:\\\/\\\/insieme.ch\\\/fr\\\/produit\\\/et-quand-je-ne-serai-plus-la\\\/\",\"url\":\"https:\\\/\\\/insieme.ch\\\/fr\\\/produit\\\/et-quand-je-ne-serai-plus-la\\\/\",\"name\":\"\u00abEt quand je ne serai plus l\u00e0\u2026 ?\u00bb\",\"isPartOf\":{\"@id\":\"https:\\\/\\\/insieme.ch\\\/fr\\\/#website\"},\"primaryImageOfPage\":{\"@id\":\"https:\\\/\\\/insieme.ch\\\/fr\\\/produit\\\/et-quand-je-ne-serai-plus-la\\\/#primaryimage\"},\"image\":{\"@id\":\"https:\\\/\\\/insieme.ch\\\/fr\\\/produit\\\/et-quand-je-ne-serai-plus-la\\\/#primaryimage\"},\"thumbnailUrl\":\"https:\\\/\\\/insieme.ch\\\/wp-inside\\\/uploads\\\/2021\\\/03\\\/et-quand-je-ne-serai-plus-la.png\",\"datePublished\":\"2021-03-19T14:44:56+00:00\",\"dateModified\":\"2024-07-16T14:35:35+00:00\",\"breadcrumb\":{\"@id\":\"https:\\\/\\\/insieme.ch\\\/fr\\\/produit\\\/et-quand-je-ne-serai-plus-la\\\/#breadcrumb\"},\"inLanguage\":\"fr-FR\",\"potentialAction\":[{\"@type\":\"ReadAction\",\"target\":[\"https:\\\/\\\/insieme.ch\\\/fr\\\/produit\\\/et-quand-je-ne-serai-plus-la\\\/\"]}]},{\"@type\":\"ImageObject\",\"inLanguage\":\"fr-FR\",\"@id\":\"https:\\\/\\\/insieme.ch\\\/fr\\\/produit\\\/et-quand-je-ne-serai-plus-la\\\/#primaryimage\",\"url\":\"https:\\\/\\\/insieme.ch\\\/wp-inside\\\/uploads\\\/2021\\\/03\\\/et-quand-je-ne-serai-plus-la.png\",\"contentUrl\":\"https:\\\/\\\/insieme.ch\\\/wp-inside\\\/uploads\\\/2021\\\/03\\\/et-quand-je-ne-serai-plus-la.png\",\"width\":583,\"height\":826,\"caption\":\"Meine spezielle Schwester mein besonderer Bruder\"},{\"@type\":\"BreadcrumbList\",\"@id\":\"https:\\\/\\\/insieme.ch\\\/fr\\\/produit\\\/et-quand-je-ne-serai-plus-la\\\/#breadcrumb\",\"itemListElement\":[{\"@type\":\"ListItem\",\"position\":1,\"name\":\"Accueil\",\"item\":\"https:\\\/\\\/insieme.ch\\\/fr\\\/\"},{\"@type\":\"ListItem\",\"position\":2,\"name\":\"Publications\",\"item\":\"https:\\\/\\\/insieme.ch\\\/fr\\\/a-propos\\\/publications\\\/\"},{\"@type\":\"ListItem\",\"position\":3,\"name\":\"Publication\",\"item\":\"https:\\\/\\\/insieme.ch\\\/fr\\\/categorie-produit\\\/publication\\\/\"},{\"@type\":\"ListItem\",\"position\":4,\"name\":\"\u00ab&#160;Et quand je ne serai plus l\u00e0\u2026&#160;?&#160;\u00bb\"}]},{\"@type\":\"WebSite\",\"@id\":\"https:\\\/\\\/insieme.ch\\\/fr\\\/#website\",\"url\":\"https:\\\/\\\/insieme.ch\\\/fr\\\/\",\"name\":\"insieme.ch\",\"description\":\"\",\"publisher\":{\"@id\":\"https:\\\/\\\/insieme.ch\\\/fr\\\/#organization\"},\"potentialAction\":[{\"@type\":\"SearchAction\",\"target\":{\"@type\":\"EntryPoint\",\"urlTemplate\":\"https:\\\/\\\/insieme.ch\\\/fr\\\/?s={search_term_string}\"},\"query-input\":{\"@type\":\"PropertyValueSpecification\",\"valueRequired\":true,\"valueName\":\"search_term_string\"}}],\"inLanguage\":\"fr-FR\"},{\"@type\":\"Organization\",\"@id\":\"https:\\\/\\\/insieme.ch\\\/fr\\\/#organization\",\"name\":\"insieme\",\"url\":\"https:\\\/\\\/insieme.ch\\\/fr\\\/\",\"logo\":{\"@type\":\"ImageObject\",\"inLanguage\":\"fr-FR\",\"@id\":\"https:\\\/\\\/insieme.ch\\\/fr\\\/#\\\/schema\\\/logo\\\/image\\\/\",\"url\":\"https:\\\/\\\/insieme.ch\\\/wp-inside\\\/uploads\\\/2021\\\/03\\\/logo-insieme.jpg\",\"contentUrl\":\"https:\\\/\\\/insieme.ch\\\/wp-inside\\\/uploads\\\/2021\\\/03\\\/logo-insieme.jpg\",\"width\":250,\"height\":250,\"caption\":\"insieme\"},\"image\":{\"@id\":\"https:\\\/\\\/insieme.ch\\\/fr\\\/#\\\/schema\\\/logo\\\/image\\\/\"}}]}<\/script>\n<!-- \/ Yoast SEO plugin. -->","yoast_head_json":{"title":"\u00abEt quand je ne serai plus l\u00e0\u2026 ?\u00bb","robots":{"index":"index","follow":"follow","max-snippet":"max-snippet:-1","max-image-preview":"max-image-preview:large","max-video-preview":"max-video-preview:-1"},"canonical":"https:\/\/insieme.ch\/fr\/produit\/et-quand-je-ne-serai-plus-la\/","og_locale":"fr_FR","og_type":"article","og_title":"\u00abEt quand je ne serai plus l\u00e0\u2026 ?\u00bb","og_description":"\u00abEt quand je ne serai plus l\u00e0\u2026?\u00bb: questions et r\u00e9ponses autour du droit successoral \u2013 pour les familles dont un membre est atteint d\u2019un handicap mental\", insieme 2010, 34 pages.  Nous sommes en train d\u2019actualiser la publication !","og_url":"https:\/\/insieme.ch\/fr\/produit\/et-quand-je-ne-serai-plus-la\/","og_site_name":"insieme.ch","article_modified_time":"2024-07-16T14:35:35+00:00","og_image":[{"width":583,"height":826,"url":"https:\/\/insieme.ch\/wp-inside\/uploads\/2021\/03\/et-quand-je-ne-serai-plus-la.png","type":"image\/png"}],"twitter_card":"summary_large_image","schema":{"@context":"https:\/\/schema.org","@graph":[{"@type":"WebPage","@id":"https:\/\/insieme.ch\/fr\/produit\/et-quand-je-ne-serai-plus-la\/","url":"https:\/\/insieme.ch\/fr\/produit\/et-quand-je-ne-serai-plus-la\/","name":"\u00abEt quand je ne serai plus l\u00e0\u2026 ?\u00bb","isPartOf":{"@id":"https:\/\/insieme.ch\/fr\/#website"},"primaryImageOfPage":{"@id":"https:\/\/insieme.ch\/fr\/produit\/et-quand-je-ne-serai-plus-la\/#primaryimage"},"image":{"@id":"https:\/\/insieme.ch\/fr\/produit\/et-quand-je-ne-serai-plus-la\/#primaryimage"},"thumbnailUrl":"https:\/\/insieme.ch\/wp-inside\/uploads\/2021\/03\/et-quand-je-ne-serai-plus-la.png","datePublished":"2021-03-19T14:44:56+00:00","dateModified":"2024-07-16T14:35:35+00:00","breadcrumb":{"@id":"https:\/\/insieme.ch\/fr\/produit\/et-quand-je-ne-serai-plus-la\/#breadcrumb"},"inLanguage":"fr-FR","potentialAction":[{"@type":"ReadAction","target":["https:\/\/insieme.ch\/fr\/produit\/et-quand-je-ne-serai-plus-la\/"]}]},{"@type":"ImageObject","inLanguage":"fr-FR","@id":"https:\/\/insieme.ch\/fr\/produit\/et-quand-je-ne-serai-plus-la\/#primaryimage","url":"https:\/\/insieme.ch\/wp-inside\/uploads\/2021\/03\/et-quand-je-ne-serai-plus-la.png","contentUrl":"https:\/\/insieme.ch\/wp-inside\/uploads\/2021\/03\/et-quand-je-ne-serai-plus-la.png","width":583,"height":826,"caption":"Meine spezielle Schwester mein besonderer Bruder"},{"@type":"BreadcrumbList","@id":"https:\/\/insieme.ch\/fr\/produit\/et-quand-je-ne-serai-plus-la\/#breadcrumb","itemListElement":[{"@type":"ListItem","position":1,"name":"Accueil","item":"https:\/\/insieme.ch\/fr\/"},{"@type":"ListItem","position":2,"name":"Publications","item":"https:\/\/insieme.ch\/fr\/a-propos\/publications\/"},{"@type":"ListItem","position":3,"name":"Publication","item":"https:\/\/insieme.ch\/fr\/categorie-produit\/publication\/"},{"@type":"ListItem","position":4,"name":"\u00ab&#160;Et quand je ne serai plus l\u00e0\u2026&#160;?&#160;\u00bb"}]},{"@type":"WebSite","@id":"https:\/\/insieme.ch\/fr\/#website","url":"https:\/\/insieme.ch\/fr\/","name":"insieme.ch","description":"","publisher":{"@id":"https:\/\/insieme.ch\/fr\/#organization"},"potentialAction":[{"@type":"SearchAction","target":{"@type":"EntryPoint","urlTemplate":"https:\/\/insieme.ch\/fr\/?s={search_term_string}"},"query-input":{"@type":"PropertyValueSpecification","valueRequired":true,"valueName":"search_term_string"}}],"inLanguage":"fr-FR"},{"@type":"Organization","@id":"https:\/\/insieme.ch\/fr\/#organization","name":"insieme","url":"https:\/\/insieme.ch\/fr\/","logo":{"@type":"ImageObject","inLanguage":"fr-FR","@id":"https:\/\/insieme.ch\/fr\/#\/schema\/logo\/image\/","url":"https:\/\/insieme.ch\/wp-inside\/uploads\/2021\/03\/logo-insieme.jpg","contentUrl":"https:\/\/insieme.ch\/wp-inside\/uploads\/2021\/03\/logo-insieme.jpg","width":250,"height":250,"caption":"insieme"},"image":{"@id":"https:\/\/insieme.ch\/fr\/#\/schema\/logo\/image\/"}}]}},"_links":{"self":[{"href":"https:\/\/insieme.ch\/fr\/wp-json\/wp\/v2\/product\/3848","targetHints":{"allow":["GET"]}}],"collection":[{"href":"https:\/\/insieme.ch\/fr\/wp-json\/wp\/v2\/product"}],"about":[{"href":"https:\/\/insieme.ch\/fr\/wp-json\/wp\/v2\/types\/product"}],"wp:featuredmedia":[{"embeddable":true,"href":"https:\/\/insieme.ch\/fr\/wp-json\/wp\/v2\/media\/3849"}],"wp:attachment":[{"href":"https:\/\/insieme.ch\/fr\/wp-json\/wp\/v2\/media?parent=3848"}],"wp:term":[{"taxonomy":"product_brand","embeddable":true,"href":"https:\/\/insieme.ch\/fr\/wp-json\/wp\/v2\/product_brand?post=3848"},{"taxonomy":"product_cat","embeddable":true,"href":"https:\/\/insieme.ch\/fr\/wp-json\/wp\/v2\/product_cat?post=3848"},{"taxonomy":"product_tag","embeddable":true,"href":"https:\/\/insieme.ch\/fr\/wp-json\/wp\/v2\/product_tag?post=3848"}],"curies":[{"name":"wp","href":"https:\/\/api.w.org\/{rel}","templated":true}]}}