{"id":19760,"date":"2023-09-01T11:45:50","date_gmt":"2023-09-01T09:45:50","guid":{"rendered":"https:\/\/insieme.ch\/?page_id=19760"},"modified":"2025-02-25T08:59:38","modified_gmt":"2025-02-25T07:59:38","slug":"votations","status":"publish","type":"page","link":"https:\/\/insieme.ch\/fr\/votations\/","title":{"rendered":"Elections f\u00e9d\u00e9rales 2023"},"content":{"rendered":"<p><!-- flzn:zn_pagebanner --><\/p>\n<header id=\"flzn-pagebanner-1\" class=\"zone zn-pagebanner with-bg bg-color\"><span class=\"zone-bg bg-color bgc-yellow-light alignfull\"><\/span><\/p>\n<div class=\"zone-block zn-pagebanner-block pdd-top-off pdd-bottom-off alignwide va-center\"><\/div>\n<\/header>\n<p><!-- \/flzn:zn_pagebanner --><br \/>\n<!-- flzn:zn_text --><\/p>\n<div id=\"flzn-text-1\" class=\"zone zn-text with-bg bg-color\"><span class=\"zone-bg bg-color bgc-yellow-light alignfull\"><\/span><\/p>\n<div class=\"zone-block zn-text-block pdd-top-off pdd-bottom-off alignwide va-top\">\n<div class=\"row mw-content-zone type-style \">\n<div class=\"columns large-12\">\n<div class=\"row large-up-1 with-nice-alignment nbloc-1\">\n<div class=\"column zn-text-col\">\n<div class=\"column-inner\">\n<div class=\"wig-content mw-content\">\n<h4 style=\"text-align: center;\"><strong> Les diff\u00e9rentes actions de la campagne insieme 2023 ont pour but de sensibiliser l&rsquo;opinion publique \u00e0 la participation politique des citoyen\u00b7ne<\/strong><strong>\u00b7<\/strong><strong>s suisses vivant avec un handicap mental.<\/strong><\/h4>\n<p><strong><!--more--><\/strong><\/p>\n<\/p><\/div>\n<\/p><\/div>\n<\/p><\/div>\n<\/p><\/div>\n<\/p><\/div>\n<\/p><\/div>\n<\/div>\n<\/div>\n<p><!-- \/flzn:zn_text --><br \/>\n<!-- flzn:zn_text --><\/p>\n<div id=\"flzn-text-2\" class=\"zone zn-text with-bg bg-color\"><span class=\"zone-bg bg-color bgc-white alignfull\"><\/span><\/p>\n<div class=\"zone-block zn-text-block pdd-top-off pdd-bottom-off alignwide va-top\">\n<div class=\"row mw-content-zone type-style \">\n<div class=\"columns large-12\">\n<div class=\"row large-up-1 with-nice-alignment nbloc-1\">\n<div class=\"column zn-text-col\">\n<div class=\"column-inner\">\n<div class=\"wig-content mw-content\">\n<h2 style=\"text-align: center;\">Campagne #JeVote<\/h2>\n<p style=\"text-align: center;\">La campagne insieme #JeVote montre des personnes vivant avec un handicap mental s\u2019entretenir avec des figures politiques. Les vid\u00e9os soulignent leur int\u00e9r\u00eat pour la politique et leur capacit\u00e9 \u00e0 se forger une opinion.<\/p>\n<p style=\"text-align: center;\">Les clips tourn\u00e9s dans la salle des journalistes du Palais f\u00e9d\u00e9ral, montrent nos protagonistes, des personnes vivant avec handicap mental, rencontrer des politicien\u00b7ne\u00b7s. Ils et elles apprennent \u00e0 se conna\u00eetre et \u00e0 \u00e9changer leurs opinions en se posant mutuellement des questions.<\/p>\n<\/p><\/div>\n<\/p><\/div>\n<\/p><\/div>\n<\/p><\/div>\n<\/p><\/div>\n<\/p><\/div>\n<\/div>\n<\/div>\n<p><!-- \/flzn:zn_text --><br \/>\n<!-- flzn:zn_text --><\/p>\n<div id=\"flzn-text-3\" class=\"zone zn-text with-bg bg-color\"><span class=\"zone-bg bg-color bgc-pink-light alignfull\"><\/span><\/p>\n<div class=\"zone-block zn-text-block pdd-top-off pdd-bottom-off alignwide va-top\">\n<div class=\"row mw-content-zone type-style \">\n<div class=\"columns large-12\">\n<div class=\"row with-nice-alignment nbloc-2 va-top\">\n<div class=\"columns large-6 zn-text-col\">\n<div class=\"columns-inner\">\n<div class=\"wig-content mw-content\">\n<p><iframe loading=\"lazy\" title=\"YouTube video player\" src=\"https:\/\/www.youtube.com\/embed\/PadENezPTQs?si=yX2t1hd77A88EKur\" width=\"560\" height=\"315\" frameborder=\"0\" allowfullscreen=\"allowfullscreen\"><\/iframe><\/p>\n<\/p><\/div>\n<\/p><\/div>\n<\/p><\/div>\n<div class=\"columns large-6 zn-text-col\">\n<div class=\"columns-inner\">\n<div class=\"wig-content mw-content\">\n<p><iframe loading=\"lazy\" title=\"YouTube video player\" src=\"https:\/\/www.youtube.com\/embed\/sLFFdWIDtR8?si=pG_FyAKVGXBuXc1y\" width=\"560\" height=\"315\" frameborder=\"0\" allowfullscreen=\"allowfullscreen\"><\/iframe><\/p>\n<\/p><\/div>\n<\/p><\/div>\n<\/p><\/div>\n<\/p><\/div>\n<\/p><\/div>\n<\/p><\/div>\n<\/div>\n<\/div>\n<p><!-- \/flzn:zn_text --><br \/>\n<!-- flzn:zn_text --><\/p>\n<div id=\"flzn-text-4\" class=\"zone zn-text with-bg bg-color\"><span class=\"zone-bg bg-color bgc-pink-light alignfull\"><\/span><\/p>\n<div class=\"zone-block zn-text-block pdd-top-off pdd-bottom-off alignwide va-top\">\n<div class=\"row mw-content-zone type-style \">\n<div class=\"columns large-12\">\n<div class=\"row with-nice-alignment nbloc-2 va-top\">\n<div class=\"columns large-6 zn-text-col\">\n<div class=\"columns-inner\">\n<div class=\"wig-content mw-content\">\n<p><iframe loading=\"lazy\" width=\"560\" height=\"315\" src=\"https:\/\/www.youtube.com\/embed\/x4HcfebaNzU?si=J6Awk3qNPTpCujHf\" title=\"YouTube video player\" frameborder=\"0\" allow=\"accelerometer; autoplay; clipboard-write; encrypted-media; gyroscope; picture-in-picture; web-share\" allowfullscreen><\/iframe><\/p>\n<\/p><\/div>\n<\/p><\/div>\n<\/p><\/div>\n<div class=\"columns large-6 zn-text-col\">\n<div class=\"columns-inner\">\n<div class=\"wig-content mw-content\">\n<p><iframe loading=\"lazy\" width=\"560\" height=\"315\" src=\"https:\/\/www.youtube.com\/embed\/ZjSORG1tPi0?si=9nHjZZNEaCi6S7Ry\" title=\"YouTube video player\" frameborder=\"0\" allow=\"accelerometer; autoplay; clipboard-write; encrypted-media; gyroscope; picture-in-picture; web-share\" allowfullscreen><\/iframe><\/p>\n<\/p><\/div>\n<\/p><\/div>\n<\/p><\/div>\n<\/p><\/div>\n<\/p><\/div>\n<\/p><\/div>\n<\/div>\n<\/div>\n<p><!-- \/flzn:zn_text --><br \/>\n<!-- flzn:zn_text --><\/p>\n<div id=\"flzn-text-5\" class=\"zone zn-text with-bg bg-color\"><span class=\"zone-bg bg-color bgc-pink-light alignfull\"><\/span><\/p>\n<div class=\"zone-block zn-text-block pdd-top-off pdd-bottom-off alignwide va-top\">\n<div class=\"row mw-content-zone type-style \">\n<div class=\"columns large-12\">\n<div class=\"row with-nice-alignment nbloc-2 va-top\">\n<div class=\"columns large-6 zn-text-col\">\n<div class=\"columns-inner\">\n<div class=\"wig-content mw-content\">\n<p><iframe loading=\"lazy\" title=\"YouTube video player\" src=\"https:\/\/www.youtube.com\/embed\/Hx6zkEQ9SUc?si=y5rMlzUZNaoNPGcY\" width=\"560\" height=\"315\" frameborder=\"0\" allowfullscreen=\"allowfullscreen\"><\/iframe><\/p>\n<\/p><\/div>\n<\/p><\/div>\n<\/p><\/div>\n<div class=\"columns large-6 zn-text-col\">\n<div class=\"columns-inner\">\n<div class=\"wig-content mw-content\">\n<p><iframe loading=\"lazy\" width=\"560\" height=\"315\" src=\"https:\/\/www.youtube.com\/embed\/cxvXkIG3N6A?si=Ps2rgj1N9VDM0Vra\" title=\"YouTube video player\" frameborder=\"0\" allow=\"accelerometer; autoplay; clipboard-write; encrypted-media; gyroscope; picture-in-picture; web-share\" allowfullscreen><\/iframe><\/p>\n<\/p><\/div>\n<\/p><\/div>\n<\/p><\/div>\n<\/p><\/div>\n<\/p><\/div>\n<\/p><\/div>\n<\/div>\n<\/div>\n<p><!-- \/flzn:zn_text --><br \/>\n<!-- flzn:zn_text --><\/p>\n<div id=\"flzn-text-6\" class=\"zone zn-text with-bg bg-color\"><span class=\"zone-bg bg-color bgc-pink-light alignfull\"><\/span><\/p>\n<div class=\"zone-block zn-text-block pdd-top-off pdd-bottom-off alignwide va-top\">\n<div class=\"row mw-content-zone type-style \">\n<div class=\"columns large-12\">\n<div class=\"row with-nice-alignment nbloc-2 va-top\">\n<div class=\"columns large-6 zn-text-col\">\n<div class=\"columns-inner\">\n<div class=\"wig-content mw-content\">\n<p style=\"text-align: center;\"><iframe loading=\"lazy\" title=\"YouTube video player\" src=\"https:\/\/www.youtube.com\/embed\/oz8vBP0shX0?si=fFGMdV6loHss6mXP\" width=\"560\" height=\"315\" frameborder=\"0\" allowfullscreen=\"allowfullscreen\"><\/iframe><\/p>\n<\/p><\/div>\n<\/p><\/div>\n<\/p><\/div>\n<div class=\"columns large-6 zn-text-col\">\n<div class=\"columns-inner\">\n<div class=\"wig-content mw-content\">\n<p><iframe loading=\"lazy\" title=\"YouTube video player\" src=\"https:\/\/www.youtube.com\/embed\/1fF7RdgCrRo?si=FvlB7CYyKivE3gXo\" width=\"560\" height=\"315\" frameborder=\"0\" allowfullscreen=\"allowfullscreen\"><\/iframe><\/p>\n<\/p><\/div>\n<\/p><\/div>\n<\/p><\/div>\n<\/p><\/div>\n<\/p><\/div>\n<\/p><\/div>\n<\/div>\n<\/div>\n<p><!-- \/flzn:zn_text --><br \/>\n<!-- flzn:zn_list_member --><\/p>\n<div id=\"flzn-listmember-1\" class=\"zone zn-listmember with-bg bg-color\"><span class=\"zone-bg bg-color bgc-transparent alignfull\"><\/span><\/p>\n<div class=\"zone-block zn-listmember-block pdd-top pdd-bottom alignwide va-top\">\n<div class=\"row\">\n<div class=\"columns large-12\">\n<div class=\"zn-listmember-titlebox\">\n<h2 class=\"zn-listmember-title zone-title\">\n\t\t\t\t\t\tD\u00e9couvrir nos protagonistes\t\t\t\t\t<\/h2>\n<\/p><\/div>\n<div class=\"row blockgrid-center nb-members-6 small-up-2 medium-up-3 large-up-4\" data-equalizer data-equalize-on=\"medium\">\n<div class=\"column zn-listmember-member\">\n<div class=\"zn-listmember-member-box\">\n<figure class=\"zn-listmember-member-figure\">\n\t\t\t\t\t\t\t<img decoding=\"async\" class=\"zn-listmember-member-img rs_preserve\" src=\"https:\/\/insieme.ch\/wp-inside\/uploads\/2023\/08\/230712_insieme-16-300x300.jpg\" alt=\"\" data-interchange=\"[https:\/\/insieme.ch\/wp-inside\/uploads\/2023\/08\/230712_insieme-16-300x300.jpg, small],[https:\/\/insieme.ch\/wp-inside\/uploads\/2023\/08\/230712_insieme-16-300x300.jpg, gsmall],[https:\/\/insieme.ch\/wp-inside\/uploads\/2023\/08\/230712_insieme-16-300x300.jpg, glarge],\"><br \/>\n\t\t\t\t\t\t\t\t\t\t\t\t\t<\/figure>\n<div class=\"zn-listmember-member-infos\">\n<div class=\"rs_preserve rs_skip\" data-equalizer-watch>\n<h3 class=\"zn-listmember-member-name\">\n\t\t\t\t\t\t\t\t\tSabrina Gaetani\t\t\t\t\t\t\t\t<\/h3>\n<\/p><\/div>\n<p>\t\t\t\t\t\t\t\t\t\t\t\t\t\t\t\t\t\t\t\t\t\t\t\t<button class=\"zn-listmember-member-button rs_preserve\" type=\"button\" data-toggle=\"zn-listmember-dropdown-1-1\">En savoir plus<\/button><\/p>\n<div class=\"zn-listmember-member-dropdown dropdown-pane rs_preserve\" data-position=\"bottom\" data-alignment=\"center\" id=\"zn-listmember-dropdown-1-1\" data-dropdown data-auto-focus=\"true\">\n<p class=\"zn-listmember-member-desc\">\n\t\t\t\t\t\t\t\t\t\tSabrina vit et travaille \u00e0 Soleure, o\u00f9 elle s&#8217;engage dans un groupe d\u2019autorepr\u00e9sentant\u00b7e\u00b7s, d\u00e9fendant ainsi ses propres souhaits et droits. Elle lit le journal tous les jours et se forge ainsi une opinion politique. Ayant des difficult\u00e9s \u00e0 comprendre les informations du mat\u00e9riel de vote, elle a besoin d\u2019explications en Facile \u00e0 lire et \u00e0 comprendre (FALC). Elle parle l&#8217;allemand, le fran\u00e7ais et l&#8217;italien. <br \/> A l\u2019occasion de la campagne insieme #JeVote, elle s\u2019est entretenue en allemand avec la conseill\u00e8re f\u00e9d\u00e9rale Elisabeth Baume-Schneider\t\t\t\t\t\t\t\t\t<\/p>\n<\/p><\/div>\n<\/p><\/div>\n<\/p><\/div>\n<\/p><\/div>\n<div class=\"column zn-listmember-member\">\n<div class=\"zn-listmember-member-box\">\n<figure class=\"zn-listmember-member-figure\">\n\t\t\t\t\t\t\t<img decoding=\"async\" class=\"zn-listmember-member-img rs_preserve\" src=\"https:\/\/insieme.ch\/wp-inside\/uploads\/2023\/08\/030823_insieme-2-300x300.jpg\" alt=\"\" data-interchange=\"[https:\/\/insieme.ch\/wp-inside\/uploads\/2023\/08\/030823_insieme-2-300x300.jpg, small],[https:\/\/insieme.ch\/wp-inside\/uploads\/2023\/08\/030823_insieme-2-300x300.jpg, gsmall],[https:\/\/insieme.ch\/wp-inside\/uploads\/2023\/08\/030823_insieme-2-300x300.jpg, glarge],\"><br \/>\n\t\t\t\t\t\t\t\t\t\t\t\t\t<\/figure>\n<div class=\"zn-listmember-member-infos\">\n<div class=\"rs_preserve rs_skip\" data-equalizer-watch>\n<h3 class=\"zn-listmember-member-name\">\n\t\t\t\t\t\t\t\t\tOlivier Marti\t\t\t\t\t\t\t\t<\/h3>\n<\/p><\/div>\n<p>\t\t\t\t\t\t\t\t\t\t\t\t\t\t\t\t\t\t\t\t\t\t\t\t<button class=\"zn-listmember-member-button rs_preserve\" type=\"button\" data-toggle=\"zn-listmember-dropdown-1-2\">En savoir plus<\/button><\/p>\n<div class=\"zn-listmember-member-dropdown dropdown-pane rs_preserve\" data-position=\"bottom\" data-alignment=\"center\" id=\"zn-listmember-dropdown-1-2\" data-dropdown data-auto-focus=\"true\">\n<p class=\"zn-listmember-member-desc\">\n\t\t\t\t\t\t\t\t\t\tOlivier vit \u00e0 Berne. Il est bilingue (fran\u00e7ais\/allemand) et travaille dans la restauration, au service. Il s&#8217;int\u00e9resse beaucoup \u00e0 la politique et a particip\u00e9 \u00e0 la session des personnes handicap\u00e9es qui s\u2019est tenue au Palais f\u00e9d\u00e9ral en mars 2023. Il aime poser des questions provocantes. <br \/> A l\u2019occasion de la campagne insieme #JeVote, il s\u2019est entretenu en fran\u00e7ais avec la conseill\u00e8re f\u00e9d\u00e9rale Elisabeth Baume-Schneider.\t\t\t\t\t\t\t\t\t<\/p>\n<\/p><\/div>\n<\/p><\/div>\n<\/p><\/div>\n<\/p><\/div>\n<div class=\"column zn-listmember-member\">\n<div class=\"zn-listmember-member-box\">\n<figure class=\"zn-listmember-member-figure\">\n\t\t\t\t\t\t\t<img decoding=\"async\" class=\"zn-listmember-member-img rs_preserve\" src=\"https:\/\/insieme.ch\/wp-inside\/uploads\/2023\/08\/pierre-300x300.jpg\" alt=\"\" data-interchange=\"[https:\/\/insieme.ch\/wp-inside\/uploads\/2023\/08\/pierre-300x300.jpg, small],[https:\/\/insieme.ch\/wp-inside\/uploads\/2023\/08\/pierre-300x300.jpg, gsmall],[https:\/\/insieme.ch\/wp-inside\/uploads\/2023\/08\/pierre-300x300.jpg, glarge],\"><br \/>\n\t\t\t\t\t\t\t\t\t\t\t\t\t<\/figure>\n<div class=\"zn-listmember-member-infos\">\n<div class=\"rs_preserve rs_skip\" data-equalizer-watch>\n<h3 class=\"zn-listmember-member-name\">\n\t\t\t\t\t\t\t\t\tPierre Weber\t\t\t\t\t\t\t\t<\/h3>\n<\/p><\/div>\n<p>\t\t\t\t\t\t\t\t\t\t\t\t\t\t\t\t\t\t\t\t\t\t\t\t<button class=\"zn-listmember-member-button rs_preserve\" type=\"button\" data-toggle=\"zn-listmember-dropdown-1-3\">En savoir plus<\/button><\/p>\n<div class=\"zn-listmember-member-dropdown dropdown-pane rs_preserve\" data-position=\"bottom\" data-alignment=\"center\" id=\"zn-listmember-dropdown-1-3\" data-dropdown data-auto-focus=\"true\">\n<p class=\"zn-listmember-member-desc\">\n\t\t\t\t\t\t\t\t\t\tPierre a 64 ans et vit \u00e0 Lausanne. Il est membre du comit\u00e9 d&#8217;ASA Handicap mental depuis une dizaine d&#8217;ann\u00e9es. Pierre est \u00e9galement formateur en Facile \u00e0 lire et \u00e0 comprendre (FALC), notamment aux Etablissements publics pour l&#8217;int\u00e9gration (EPI), \u00e0 Gen\u00e8ve. Il co-anime aussi une formation sur le syst\u00e8me politique suisse. Pierre Weber vote tr\u00e8s r\u00e9guli\u00e8rement. La curatelle de port\u00e9e g\u00e9n\u00e9rale sous laquelle il \u00e9tait plac\u00e9e a \u00e9t\u00e9 lev\u00e9e il y a plusieurs ann\u00e9es, sous son impulsion. Apr\u00e8s avoir v\u00e9cu plusieurs ann\u00e9es en institution, il vit d\u00e9sormais seul en appartement. Lors de son temps libre, Pierre aime voyager en train avec son abonnement g\u00e9n\u00e9ral et faire de la marche.<br \/> A l\u2019occasion de la campagne insieme #JeVote, il s\u2019est entretenu en fran\u00e7ais avec Jacqueline de Quattro.\t\t\t\t\t\t\t\t\t<\/p>\n<\/p><\/div>\n<\/p><\/div>\n<\/p><\/div>\n<\/p><\/div>\n<div class=\"column zn-listmember-member\">\n<div class=\"zn-listmember-member-box\">\n<figure class=\"zn-listmember-member-figure\">\n\t\t\t\t\t\t\t<img decoding=\"async\" class=\"zn-listmember-member-img rs_preserve\" src=\"https:\/\/insieme.ch\/wp-inside\/uploads\/2023\/08\/stephen-300x300.jpg\" alt=\"\" data-interchange=\"[https:\/\/insieme.ch\/wp-inside\/uploads\/2023\/08\/stephen-300x300.jpg, small],[https:\/\/insieme.ch\/wp-inside\/uploads\/2023\/08\/stephen-300x300.jpg, gsmall],[https:\/\/insieme.ch\/wp-inside\/uploads\/2023\/08\/stephen-300x300.jpg, glarge],\"><br \/>\n\t\t\t\t\t\t\t\t\t\t\t\t\t<\/figure>\n<div class=\"zn-listmember-member-infos\">\n<div class=\"rs_preserve rs_skip\" data-equalizer-watch>\n<h3 class=\"zn-listmember-member-name\">\n\t\t\t\t\t\t\t\t\tStephen Mann\t\t\t\t\t\t\t\t<\/h3>\n<\/p><\/div>\n<p>\t\t\t\t\t\t\t\t\t\t\t\t\t\t\t\t\t\t\t\t\t\t\t\t<button class=\"zn-listmember-member-button rs_preserve\" type=\"button\" data-toggle=\"zn-listmember-dropdown-1-4\">En savoir plus<\/button><\/p>\n<div class=\"zn-listmember-member-dropdown dropdown-pane rs_preserve\" data-position=\"bottom\" data-alignment=\"center\" id=\"zn-listmember-dropdown-1-4\" data-dropdown data-auto-focus=\"true\">\n<p class=\"zn-listmember-member-desc\">\n\t\t\t\t\t\t\t\t\t\tStephen a 59 ans et vit \u00e0 Gen\u00e8ve. Il est suisse et britannique mais a toujours v\u00e9cu en Suisse. Stephen travaille comme aide-cuisinier. Il pratique de nombreux sports (handisports), notamment la natation et le tennis de table. Il a \u00e9galement particip\u00e9 aux Jeux Mondiaux d&#8217;Hiver Special Olympics en Autriche en 2017. Avec la fondation Cap Loisirs, Stephen a voyag\u00e9 dans de nombreux pays: Australie, S\u00e9n\u00e9gal, Mongolie, USA&#8230; Apr\u00e8s avoir v\u00e9cu plusieurs ann\u00e9es en institution, il vit d\u00e9sormais seul dans un appartement, non loin de chez sa m\u00e8re. Stephen Mann vote r\u00e9guli\u00e8rement. A l\u2019occasion de la campagne insieme #JeVote, il s\u2019est entretenu en frna\u00e7ais avec C\u00e9line Weber.\t\t\t\t\t\t\t\t\t<\/p>\n<\/p><\/div>\n<\/p><\/div>\n<\/p><\/div>\n<\/p><\/div>\n<div class=\"column zn-listmember-member\">\n<div class=\"zn-listmember-member-box\">\n<figure class=\"zn-listmember-member-figure\">\n\t\t\t\t\t\t\t<img decoding=\"async\" class=\"zn-listmember-member-img rs_preserve\" src=\"https:\/\/insieme.ch\/wp-inside\/uploads\/2023\/08\/foto_suad-dahir-ahmed-300x300.jpg\" alt=\"\" data-interchange=\"[https:\/\/insieme.ch\/wp-inside\/uploads\/2023\/08\/foto_suad-dahir-ahmed-300x300.jpg, small],[https:\/\/insieme.ch\/wp-inside\/uploads\/2023\/08\/foto_suad-dahir-ahmed-300x300.jpg, gsmall],[https:\/\/insieme.ch\/wp-inside\/uploads\/2023\/08\/foto_suad-dahir-ahmed-300x300.jpg, glarge],\"><br \/>\n\t\t\t\t\t\t\t\t\t\t\t\t\t<\/figure>\n<div class=\"zn-listmember-member-infos\">\n<div class=\"rs_preserve rs_skip\" data-equalizer-watch>\n<h3 class=\"zn-listmember-member-name\">\n\t\t\t\t\t\t\t\t\tSuad Dahir Ahmed \t\t\t\t\t\t\t\t<\/h3>\n<\/p><\/div>\n<p>\t\t\t\t\t\t\t\t\t\t\t\t\t\t\t\t\t\t\t\t\t\t\t\t<button class=\"zn-listmember-member-button rs_preserve\" type=\"button\" data-toggle=\"zn-listmember-dropdown-1-5\">En savoir plus<\/button><\/p>\n<div class=\"zn-listmember-member-dropdown dropdown-pane rs_preserve\" data-position=\"bottom\" data-alignment=\"center\" id=\"zn-listmember-dropdown-1-5\" data-dropdown data-auto-focus=\"true\">\n<p class=\"zn-listmember-member-desc\">\n\t\t\t\t\t\t\t\t\t\tSuad vit \u00e0 Zurich. Elle fait partie du comit\u00e9 de l&#8217;initiative pour l&#8217;inclusion et a tenu un discours engag\u00e9 lors de la gr\u00e8ve f\u00e9ministe du 14 juin \u00e0 Berne. Elle vit seule dans un petit appartement et travaille dans un atelier prot\u00e9g\u00e9, dans la production. <br \/> A l\u2019occasion de la campagne insieme #JeVote, elle s\u2019est entretenue en allemand avec le pr\u00e9sident du Conseil national Martin Candinas et Romano Amacker, candidat UDC au Conseil national.\t\t\t\t\t\t\t\t\t<\/p>\n<\/p><\/div>\n<\/p><\/div>\n<\/p><\/div>\n<\/p><\/div>\n<div class=\"column zn-listmember-member\">\n<div class=\"zn-listmember-member-box\">\n<figure class=\"zn-listmember-member-figure\">\n\t\t\t\t\t\t\t<img decoding=\"async\" class=\"zn-listmember-member-img rs_preserve\" src=\"https:\/\/insieme.ch\/wp-inside\/uploads\/2023\/08\/foto_daniel-knopfel-300x300.jpg\" alt=\"\" data-interchange=\"[https:\/\/insieme.ch\/wp-inside\/uploads\/2023\/08\/foto_daniel-knopfel-300x300.jpg, small],[https:\/\/insieme.ch\/wp-inside\/uploads\/2023\/08\/foto_daniel-knopfel-300x300.jpg, gsmall],[https:\/\/insieme.ch\/wp-inside\/uploads\/2023\/08\/foto_daniel-knopfel-300x300.jpg, glarge],\"><br \/>\n\t\t\t\t\t\t\t\t\t\t\t\t\t<\/figure>\n<div class=\"zn-listmember-member-infos\">\n<div class=\"rs_preserve rs_skip\" data-equalizer-watch>\n<h3 class=\"zn-listmember-member-name\">\n\t\t\t\t\t\t\t\t\tDaniel Kn\u00f6pfel\t\t\t\t\t\t\t\t<\/h3>\n<\/p><\/div>\n<p>\t\t\t\t\t\t\t\t\t\t\t\t\t\t\t\t\t\t\t\t\t\t\t\t<button class=\"zn-listmember-member-button rs_preserve\" type=\"button\" data-toggle=\"zn-listmember-dropdown-1-6\">En savoir plus<\/button><\/p>\n<div class=\"zn-listmember-member-dropdown dropdown-pane rs_preserve\" data-position=\"bottom\" data-alignment=\"center\" id=\"zn-listmember-dropdown-1-6\" data-dropdown data-auto-focus=\"true\">\n<p class=\"zn-listmember-member-desc\">\n\t\t\t\t\t\t\t\t\t\tDaniel vit dans son propre appartement \u00e0 Thoune et travaille comme cuisinier au R\u00fcttihubelbad dans l&#8217;Emmental. En 2019, il a pris part pour la premi\u00e8re fois au groupe de travail r\u00e9alisant le guide pour voter en facile \u00e0 lire. Depuis, il \u00e9crit r\u00e9guli\u00e8rement pour le blog insieme &#8220;R\u00e9cits extra-ordinaires&#8221;. En 2022, il a particip\u00e9 \u00e0 la rencontre nationale regroupant diff\u00e9rentes organisations de personnes en situation de handicap et, en mars dernier, il a \u00e9t\u00e9 candidat \u00e0 l&#8217;\u00e9mission srf Arena. Lorsqu&#8217;il ne s&#8217;engage pas pour les personnes en situation de handicap, il fait du sport et se d\u00e9place dans le cadre des Special Olympics. <br \/> Lors de la campagne #JeVote, il s&#8217;est entretenu en allemand avec la conseill\u00e8re nationale Manuela Weichelt et le candidat UDC au Conseil national Romano Amacker.\t\t\t\t\t\t\t\t\t<\/p>\n<\/p><\/div>\n<\/p><\/div>\n<\/p><\/div>\n<\/p><\/div>\n<\/p><\/div>\n<\/p><\/div>\n<\/p><\/div>\n<\/p><\/div>\n<\/div>\n<p><!-- \/flzn:zn_list_member --><br \/>\n<!-- flzn:zn_text --><\/p>\n<div id=\"flzn-text-7\" class=\"zone zn-text with-bg bg-color\"><span class=\"zone-bg bg-color bgc-yellow-light alignfull\"><\/span><\/p>\n<div class=\"zone-block zn-text-block pdd-top-off pdd-bottom-off alignwide va-top\">\n<div class=\"row mw-content-zone type-style \">\n<div class=\"columns large-12\">\n<div class=\"row large-up-1 with-nice-alignment nbloc-1\">\n<div class=\"column zn-text-col\">\n<div class=\"column-inner\">\n<div class=\"wig-content mw-content\">\n<h2 style=\"text-align: center;\">Guide pour voter en facile \u00e0 lire<\/h2>\n<p><img decoding=\"async\" loading=\"lazy\" class=\"aligncenter wp-image-19962 \" src=\"https:\/\/insieme.ch\/wp-inside\/uploads\/2023\/09\/guide-pour-voter-jpg-fr.webp\" alt=\"\" width=\"420\" height=\"594\" srcset=\"https:\/\/insieme.ch\/wp-inside\/uploads\/2023\/09\/guide-pour-voter-jpg-fr.webp 688w, https:\/\/insieme.ch\/wp-inside\/uploads\/2023\/09\/guide-pour-voter-jpg-fr-212x300.webp 212w, https:\/\/insieme.ch\/wp-inside\/uploads\/2023\/09\/guide-pour-voter-jpg-fr-226x320.webp 226w, https:\/\/insieme.ch\/wp-inside\/uploads\/2023\/09\/guide-pour-voter-jpg-fr-320x453.webp 320w\" sizes=\"auto, (max-width: 420px) 100vw, 420px\" \/><\/p>\n<p>&nbsp;<\/p>\n<p style=\"text-align: center;\">La Suisse \u00e9lira son nouveau Parlement le 22 octobre 2023.Ce jour-l\u00e0, les citoyen\u00b7ne\u00b7s suisses majeure\u00b7s \u00e9liront qui de leur canton repr\u00e9senteront leur int\u00e9r\u00eats au Conseil national et au Conseil des \u00c9tats.<\/p>\n<p style=\"text-align: center;\">Les personnes vivant avec un handicap mental se rendront \u00e9galement aux urnes. Mais pour pouvoir voter, elles ont besoin d\u2019informations faciles \u00e0 comprendre. C\u2019est ce qu\u2019insieme Suisse propose dans son \u00ab\u00a0Guide pour voter en langue facile\u00a0\u00bb.<\/p>\n<p>&nbsp;<\/p>\n<p style=\"text-align: center;\"><a class=\"button secondary\" href=\"https:\/\/insieme.ch\/fr\/produit\/guide-pour-voter-en-langue-facile-2023\/\" target=\"_blank\" rel=\"noopener\">Commander le guide pour voter\u00a0<\/a><\/p>\n<p style=\"text-align: center;\">\n\t\t\t\t\t\t\t\t<\/div>\n<\/p><\/div>\n<\/p><\/div>\n<\/p><\/div>\n<\/p><\/div>\n<\/p><\/div>\n<\/div>\n<\/div>\n<p><!-- \/flzn:zn_text --><br \/>\n<!-- flzn:zn_falc --><\/p>\n<div id=\"flzn-falc-1\" class=\"zone zn-falc with-bg bg-color\"><span class=\"zone-bg bg-color bgc-white alignfull\"><\/span><\/p>\n<div class=\"zone-block zn-falc-block pdd-top alignwide va-top\">\n<div class=\"row mw-content-zone\">\n<div class=\"large-12 columns\">\n<div class=\"row with-nice-alignment va-top\">\n<div class=\"columns large-12 zn-falc-col\">\n<div class=\"columns-inner zn-falc-col-inner\" data-aos=\"fade-up\" data-aos-once=\"true\" data-aos-anchor=\"#flzn-falc-1\" data-aos-anchor-placement=\"top-bottom\" data-aos-delay=\"150\">\n<ul class=\"accordion zn-falc-accordion mw-1250 rs_preserve\" data-accordion data-accordion data-multi-expand=\"true\" data-allow-all-closed=\"true\">\n<li class=\"accordion-item zn-falc-item\" data-accordion-item>\n\t\t\t\t\t\t\t\t\t\t<a href=\"#\" class=\"accordion-title zn-falc-item-title\"><br \/>\n\t\t\t\t\t\t\t\t\t\t\t<i class=\"skf skf-ico-falc-square\"><\/i><\/p>\n<h3 class=\"zn-falc-item-titletxt\">Lire le texte en Facile \u00e0 lire et \u00e0 comprendre (FALC)<\/h3>\n<p>\t\t\t\t\t\t\t\t\t\t<\/a><\/p>\n<div class=\"accordion-content zn-falc-item-content\" data-tab-content>\n<div class=\"zn-falc-item-desc wig-content\">\n<p>Vous aussi, vous voulez voter?<\/p>\n<p>Vous souhaitez participer \u00e0 l\u2019\u00e9lection des personnes qui d\u00e9fendront vos int\u00e9r\u00eats au Conseil national et au Conseil des \u00c9tats au cours de prochaines ann\u00e9es?<\/p>\n<p>Mais vous ne savez pas comment remplir correctement le bulletin de vote?<\/p>\n<p>Dans ce cas, le guide pour voter en langue facile vous sera utile.<\/p>\n<p>&nbsp;<\/p>\n<p>Le guide contient des informations sur:<\/p>\n<p>Le Conseil national<\/p>\n<p>Comment \u00e9lire le Conseil national<\/p>\n<p>Le Conseil des \u00c9tats<\/p>\n<p>Comment \u00e9lire le Conseil des \u00c9tats<\/p>\n<p>Comment remplir correctement le bulletin de vote<\/p>\n<p>&nbsp;<\/p>\n<p>Ce guide a \u00e9t\u00e9 \u00e9labor\u00e9 par la Chancellerie f\u00e9d\u00e9rale en collaboration avec insieme Suisse et capito Z\u00fcrich.<\/p>\n<p>La Conf\u00e9d\u00e9ration respecte ainsi son obligation d\u00e9coulant de la Convention des Nations Unies relatives aux droits des personnes handicap\u00e9es,<\/p>\n<p>qui pr\u00e9voit express\u00e9ment<\/p>\n<p>que la Suisse doit faire en sorte que les personnes en situation de handicap puissent effectivement et pleinement participer \u00e0 la vie politique et sur la base de l\u2019\u00e9galit\u00e9 avec les autres.<\/p>\n<p>Pour cela, les personnes en situation de handicap mental doivent recevoir des informations en langue facile.<\/p>\n<p><strong><a href=\"https:\/\/insieme.ch\/wp-inside\/uploads\/2023\/09\/guide-pour-voter-en-langue-facile-a-lire-pour-les-elections-2023_accessible.pdf\">T\u00e9l\u00e9charger le guide<\/a><\/strong><\/p>\n<\/div><\/div>\n<\/li>\n<\/ul><\/div>\n<\/p><\/div>\n<\/p><\/div>\n<\/p><\/div>\n<\/p><\/div>\n<\/p><\/div>\n<\/div>\n<p><!-- \/flzn:zn_falc --><br \/>\n<!-- flzn:zn_list_illustration --><\/p>\n<div id=\"flzn-listillustration-1\" class=\"zone zn-listillustration with-bg bg-color\"><span class=\"zone-bg bg-color bgc-gray alignfull\"><\/span><\/p>\n<div class=\"zone-block zn-listillustration-block alignwide va-top\">\n<div class=\"row mw-content-zone zn-listillustration-row\">\n<div class=\"small-12 columns\">\n<div class=\"zone-titlebox zn-listillustration-titlebox text-center\">\n<h2 class=\"zone-title zn-listillustration-title zone-title titleline\">Plus de contenus sur la participation politique<\/h2>\n<\/p><\/div>\n<div id=\"flzn-listillustration-1-list\" class=\"zn-listillustration-list row blockgrid-center small-up-2 medium-up-2 xmedium-up-3 xlarge-up-5\" data-equalizer data-equalize-on=\"medium\" data-equalize-by-row=\"true\">\n<div class=\"column illustblock\">\n\t\t\t\t\t<a class=\"illustblock-box with-link with-img\" href=\"https:\/\/blog.insieme.ch\/fr\/inclusion\/comment-remplir-mon-bulletin-de-vote-ou-signer-celui-ci\/\" title=\"\" target=\"_blank\" rel=\"noopener\"><\/p>\n<div class=\"illustblock-imgbox\" data-equalizer-watch>\n\t\t\t\t\t\t\t\t\t\t\t\t\t\t<img decoding=\"async\" class=\"illustblock-img\" src=\"https:\/\/insieme.ch\/wp-inside\/uploads\/2023\/08\/ds93329-300x300.jpg\" alt=\"\"\/>\t\t\t\t\t\t\t\t\t\t\t\t\t<\/div>\n<h3 class=\"illustblock-title\">\n\t\t\t\t\t\t\tComment remplir mon bulletin de vote ? O\u00f9 signer celui-ci ?\t\t\t\t\t\t<\/h3>\n<div class=\"illustblock-linkmore\">\n\t\t\t\t\t\t\t<span class=\"illustblock-linkmore-txt\">En savoir plus<\/span>\n\t\t\t\t\t\t<\/div>\n<p>\t\t\t\t\t<\/a>\t\t\t\t<\/div>\n<div class=\"column illustblock\">\n\t\t\t\t\t<a class=\"illustblock-box with-link with-img\" href=\"https:\/\/blog.insieme.ch\/fr\/inclusion\/bien-se-preparer-a-interviewer-des-politicien%c2%b7ne%c2%b7s\/\" title=\"\"><\/p>\n<div class=\"illustblock-imgbox\" data-equalizer-watch>\n\t\t\t\t\t\t\t\t\t\t\t\t\t\t<img decoding=\"async\" class=\"illustblock-img\" src=\"https:\/\/insieme.ch\/wp-inside\/uploads\/2023\/09\/230712_insieme-12-300x300.jpg\" alt=\"\"\/>\t\t\t\t\t\t\t\t\t\t\t\t\t<\/div>\n<h3 class=\"illustblock-title\">\n\t\t\t\t\t\t\tBien se pr\u00e9parer \u00e0 interviewer des politicien\u00b7ne\u00b7s\t\t\t\t\t\t<\/h3>\n<div class=\"illustblock-linkmore\">\n\t\t\t\t\t\t\t<span class=\"illustblock-linkmore-txt\">En savoir plus<\/span>\n\t\t\t\t\t\t<\/div>\n<p>\t\t\t\t\t<\/a>\t\t\t\t<\/div>\n<div class=\"column illustblock\">\n\t\t\t\t\t<a class=\"illustblock-box with-link with-img\" href=\"https:\/\/insieme.ch\/fr\/news\/inclusion\/quand-vous-me-regardez-est-ce-que-vous-voyez-que-jai-un-handicap\/\" title=\"\" target=\"_blank\" rel=\"noopener\"><\/p>\n<div class=\"illustblock-imgbox\" data-equalizer-watch>\n\t\t\t\t\t\t\t\t\t\t\t\t\t\t<img decoding=\"async\" class=\"illustblock-img\" src=\"https:\/\/insieme.ch\/wp-inside\/uploads\/2023\/09\/230817_insieme_marti_und_baume-schneider_4-3-300x300.jpg\" alt=\"\"\/>\t\t\t\t\t\t\t\t\t\t\t\t\t<\/div>\n<h3 class=\"illustblock-title\">\n\t\t\t\t\t\t\t\u00ab\u00a0Quand vous me regardez, est-ce que vous voyez que j\u2019ai un handicap\u00a0?\u00a0\u00bb\t\t\t\t\t\t<\/h3>\n<div class=\"illustblock-linkmore\">\n\t\t\t\t\t\t\t<span class=\"illustblock-linkmore-txt\">En savoir plus<\/span>\n\t\t\t\t\t\t<\/div>\n<p>\t\t\t\t\t<\/a>\t\t\t\t<\/div>\n<div class=\"column illustblock\">\n\t\t\t\t\t<a class=\"illustblock-box with-link with-img\" href=\"https:\/\/blog.insieme.ch\/fr\/inclusion\/comprendre-le-fonctionnement-dune-societe\/\" title=\"\" target=\"_blank\" rel=\"noopener\"><\/p>\n<div class=\"illustblock-imgbox\" data-equalizer-watch>\n\t\t\t\t\t\t\t\t\t\t\t\t\t\t<img decoding=\"async\" class=\"illustblock-img\" src=\"https:\/\/insieme.ch\/wp-inside\/uploads\/2023\/08\/atelier-savigny_010-300x300.jpg\" alt=\"\"\/>\t\t\t\t\t\t\t\t\t\t\t\t\t<\/div>\n<h3 class=\"illustblock-title\">\n\t\t\t\t\t\t\tComprendre le fonctionnement d\u2019une soci\u00e9t\u00e9\t\t\t\t\t\t<\/h3>\n<div class=\"illustblock-linkmore\">\n\t\t\t\t\t\t\t<span class=\"illustblock-linkmore-txt\">En savoir plus<\/span>\n\t\t\t\t\t\t<\/div>\n<p>\t\t\t\t\t<\/a>\t\t\t\t<\/div>\n<div class=\"column illustblock\">\n\t\t\t\t\t<a class=\"illustblock-box with-link with-img\" href=\"https:\/\/www.proinfirmis.ch\/fr\/politique\/elections2023.html\" title=\"\" target=\"_blank\" rel=\"noopener\"><\/p>\n<div class=\"illustblock-imgbox\" data-equalizer-watch>\n\t\t\t\t\t\t\t\t\t\t\t\t\t\t<img decoding=\"async\" class=\"illustblock-img\" src=\"https:\/\/insieme.ch\/wp-inside\/uploads\/2023\/08\/gruppenfoto_behindertenliste-300x300.jpg\" alt=\"\"\/>\t\t\t\t\t\t\t\t\t\t\t\t\t<\/div>\n<h3 class=\"illustblock-title\">\n\t\t\t\t\t\t\tL\u2019ann\u00e9e \u00e9lectorale 2023 : notre chance pour plus d\u2019inclusion\t\t\t\t\t\t<\/h3>\n<div class=\"illustblock-linkmore\">\n\t\t\t\t\t\t\t<span class=\"illustblock-linkmore-txt\">En savoir plus<\/span>\n\t\t\t\t\t\t<\/div>\n<p>\t\t\t\t\t<\/a>\t\t\t\t<\/div>\n<div class=\"column illustblock\">\n\t\t\t\t\t<a class=\"illustblock-box with-link with-img\" href=\"https:\/\/blog.insieme.ch\/fr\/inclusion\/ce-ne-sont-pas-des-parlementaires-qui-ont-ecrit-lhistoire-mais-des-personnes-en-situation-de-handicap\/\" title=\"\" target=\"_blank\" rel=\"noopener\"><\/p>\n<div class=\"illustblock-imgbox\" data-equalizer-watch>\n\t\t\t\t\t\t\t\t\t\t\t\t\t\t<img decoding=\"async\" class=\"illustblock-img\" src=\"https:\/\/insieme.ch\/wp-inside\/uploads\/2023\/08\/foto-fp-300x300.jpg\" alt=\"\"\/>\t\t\t\t\t\t\t\t\t\t\t\t\t<\/div>\n<h3 class=\"illustblock-title\">\n\t\t\t\t\t\t\t\u00ab Ce ne sont pas des parlementaires qui ont \u00e9crit l\u2019histoire, mais des personnes en situation de handicap \u00bb\t\t\t\t\t\t<\/h3>\n<div class=\"illustblock-linkmore\">\n\t\t\t\t\t\t\t<span class=\"illustblock-linkmore-txt\">En savoir plus<\/span>\n\t\t\t\t\t\t<\/div>\n<p>\t\t\t\t\t<\/a>\t\t\t\t<\/div>\n<div class=\"column illustblock\">\n\t\t\t\t\t<a class=\"illustblock-box with-link with-img\" href=\"https:\/\/blog.insieme.ch\/fr\/inclusion\/immersion-dans-un-atelier-de-preparation-au-bla-bla-vote\/\" title=\"\" target=\"_blank\" rel=\"noopener\"><\/p>\n<div class=\"illustblock-imgbox\" data-equalizer-watch>\n\t\t\t\t\t\t\t\t\t\t\t\t\t\t<img decoding=\"async\" class=\"illustblock-img\" src=\"https:\/\/insieme.ch\/wp-inside\/uploads\/2023\/08\/article-11_photo-1_blabla-vote_coordinateurs-300x300.jpg\" alt=\"\"\/>\t\t\t\t\t\t\t\t\t\t\t\t\t<\/div>\n<h3 class=\"illustblock-title\">\n\t\t\t\t\t\t\tImmersion dans un atelier de pr\u00e9paration au Bla-Bla Vote\t\t\t\t\t\t<\/h3>\n<div class=\"illustblock-linkmore\">\n\t\t\t\t\t\t\t<span class=\"illustblock-linkmore-txt\">En savoir plus<\/span>\n\t\t\t\t\t\t<\/div>\n<p>\t\t\t\t\t<\/a>\t\t\t\t<\/div>\n<\/p><\/div>\n<\/p><\/div>\n<\/p><\/div>\n<\/div>\n<\/div>\n<p><!-- \/flzn:zn_list_illustration --><br \/>\n<!-- flzn:zn_text --><\/p>\n<div id=\"flzn-text-8\" class=\"zone zn-text with-bg bg-color\"><span class=\"zone-bg bg-color bgc-yellow-light alignfull\"><\/span><\/p>\n<div class=\"zone-block zn-text-block pdd-top-off pdd-bottom-off alignwide va-top\">\n<div class=\"row mw-content-zone type-style \">\n<div class=\"columns large-12\">\n<div class=\"row large-up-1 with-nice-alignment nbloc-1\">\n<div class=\"column zn-text-col\">\n<div class=\"column-inner\">\n<div class=\"wig-content mw-content\">\n<h2 style=\"text-align: center;\">Bureau de vote accessible<\/h2>\n<p style=\"text-align: center;\">Les personnes vivant avec un handicap mental veulent elles aussi \u00e9lire les membres du Conseil national et du Conseil des Etats. Tout le monde est en effet concern\u00e9 par ce qui se d\u00e9cide en politique. Cette ann\u00e9e, gr\u00e2ce au <a href=\"https:\/\/insieme.us14.list-manage.com\/track\/click?u=f695118d096ff31119a0d657d&amp;id=40543f6d95&amp;e=e51dea11bf\"><strong>Guide pour voter en langue facile<\/strong><\/a>, voter est d\u00e9sormais plus accessible. Mais un guide ne suffit pas pour s&rsquo;assurer que toutes les personnes qui le souhaitent aillent voter.<\/p>\n<p style=\"text-align: center;\">C&rsquo;est pourquoi insieme Suisse a organis\u00e9, le samedi 14 octobre 2023, une action au c\u0153ur de la capitale, sur la Waisenhausplatz. Elle y a install\u00e9 un bureau de vote accessible : des informations en Facile \u00e0 lire sur la mani\u00e8re de remplir son bulletin de vote ont \u00e9t\u00e9 donn\u00e9es et\u00a0 les personnes le souhaitant ont pu voter. Les repr\u00e9sentant\u00b7e\u00b7s bernois des diff\u00e9rents partis ont \u00e9galement r\u00e9pondu pr\u00e9sents \u00e0 l&rsquo;invitation et ont pr\u00e9sent\u00e9, en langue facile, leurs grandes th\u00e9matique.<\/p>\n<p style=\"text-align: center;\">Cette action a \u00e9t\u00e9 rendue possible gr\u00e2ce au soutien de la Fondation Mercator.<\/p>\n<\/p><\/div>\n<\/p><\/div>\n<\/p><\/div>\n<\/p><\/div>\n<\/p><\/div>\n<\/p><\/div>\n<\/div>\n<\/div>\n<p><!-- \/flzn:zn_text --><br \/>\n<!-- flzn:zn_text --><\/p>\n<div id=\"flzn-text-9\" class=\"zone zn-text with-bg bg-color\"><span class=\"zone-bg bg-color bgc-white alignfull\"><\/span><\/p>\n<div class=\"zone-block zn-text-block alignwide va-top\">\n<div class=\"row mw-content-zone type-style \">\n<div class=\"columns large-12\">\n<div class=\"row with-nice-alignment nbloc-2 va-top\">\n<div class=\"columns large-6 zn-text-col\">\n<div class=\"columns-inner\">\n<div class=\"wig-content mw-content\">\n<p><img decoding=\"async\" loading=\"lazy\" class=\"aligncenter wp-image-20452 size-full\" src=\"https:\/\/insieme.ch\/wp-inside\/uploads\/2023\/09\/1695298923335-7c845f0b-4fdc-4edf-a09e-39ac1006bcf6_1.jpg\" alt=\"\" width=\"791\" height=\"1024\" srcset=\"https:\/\/insieme.ch\/wp-inside\/uploads\/2023\/09\/1695298923335-7c845f0b-4fdc-4edf-a09e-39ac1006bcf6_1.jpg 791w, https:\/\/insieme.ch\/wp-inside\/uploads\/2023\/09\/1695298923335-7c845f0b-4fdc-4edf-a09e-39ac1006bcf6_1-232x300.jpg 232w, https:\/\/insieme.ch\/wp-inside\/uploads\/2023\/09\/1695298923335-7c845f0b-4fdc-4edf-a09e-39ac1006bcf6_1-768x994.jpg 768w, https:\/\/insieme.ch\/wp-inside\/uploads\/2023\/09\/1695298923335-7c845f0b-4fdc-4edf-a09e-39ac1006bcf6_1-247x320.jpg 247w, https:\/\/insieme.ch\/wp-inside\/uploads\/2023\/09\/1695298923335-7c845f0b-4fdc-4edf-a09e-39ac1006bcf6_1-320x414.jpg 320w\" sizes=\"auto, (max-width: 791px) 100vw, 791px\" \/><\/p>\n<\/p><\/div>\n<\/p><\/div>\n<\/p><\/div>\n<div class=\"columns large-6 zn-text-col\">\n<div class=\"columns-inner\">\n<div class=\"wig-content mw-content\">\n<p><img decoding=\"async\" loading=\"lazy\" class=\"aligncenter wp-image-20450 size-full\" src=\"https:\/\/insieme.ch\/wp-inside\/uploads\/2023\/09\/1695298891769-12679030-c747-46f6-9ce1-7784c726b860_1.jpg\" alt=\"\" width=\"791\" height=\"1024\" srcset=\"https:\/\/insieme.ch\/wp-inside\/uploads\/2023\/09\/1695298891769-12679030-c747-46f6-9ce1-7784c726b860_1.jpg 791w, https:\/\/insieme.ch\/wp-inside\/uploads\/2023\/09\/1695298891769-12679030-c747-46f6-9ce1-7784c726b860_1-232x300.jpg 232w, https:\/\/insieme.ch\/wp-inside\/uploads\/2023\/09\/1695298891769-12679030-c747-46f6-9ce1-7784c726b860_1-768x994.jpg 768w, https:\/\/insieme.ch\/wp-inside\/uploads\/2023\/09\/1695298891769-12679030-c747-46f6-9ce1-7784c726b860_1-247x320.jpg 247w, https:\/\/insieme.ch\/wp-inside\/uploads\/2023\/09\/1695298891769-12679030-c747-46f6-9ce1-7784c726b860_1-320x414.jpg 320w\" sizes=\"auto, (max-width: 791px) 100vw, 791px\" \/><\/p>\n<\/p><\/div>\n<\/p><\/div>\n<\/p><\/div>\n<\/p><\/div>\n<\/p><\/div>\n<\/p><\/div>\n<\/div>\n<\/div>\n<p><!-- \/flzn:zn_text --><br \/>\n<!-- flzn:zn_text --><\/p>\n<div id=\"flzn-text-10\" class=\"zone zn-text with-bg bg-color\"><span class=\"zone-bg bg-color bgc-yellow-light alignfull\"><\/span><\/p>\n<div class=\"zone-block zn-text-block pdd-top-off pdd-bottom-off alignwide va-top\">\n<div class=\"row mw-content-zone type-style \">\n<div class=\"columns large-12\">\n<div class=\"row large-up-1 with-nice-alignment nbloc-1\">\n<div class=\"column zn-text-col\">\n<div class=\"column-inner\">\n<div class=\"wig-content mw-content\">\n<div class=\"zn-button-bloc-titledesc\">\n<h2 class=\"zn-button-bloc-title h2 zone-title titleline\" style=\"text-align: center;\">M\u00e9dias et coin presse<\/h2>\n<\/div>\n<div class=\"zn-button-buttons-box\" style=\"text-align: center;\"><a class=\"button secondary\" href=\"https:\/\/insieme.ch\/fr\/votations\/medias-jevote\/\" target=\"_blank\" rel=\"noopener\">En savoir plus<\/a><\/div>\n<\/p><\/div>\n<\/p><\/div>\n<\/p><\/div>\n<\/p><\/div>\n<\/p><\/div>\n<\/p><\/div>\n<\/div>\n<\/div>\n<p><!-- \/flzn:zn_text --><\/p>\n","protected":false},"excerpt":{"rendered":"<p>Les diff\u00e9rentes actions de la campagne insieme 2023 ont pour but de sensibiliser l&rsquo;opinion publique \u00e0 la participation politique des citoyen\u00b7ne\u00b7s suisses vivant avec un handicap mental.<\/p>\n","protected":false},"author":3,"featured_media":20148,"parent":0,"menu_order":68,"comment_status":"closed","ping_status":"closed","template":"","meta":{"_acf_changed":false,"footnotes":""},"class_list":["post-19760","page","type-page","status-publish","has-post-thumbnail","hentry","wp-sticky"],"acf":[],"yoast_head":"<!-- This site is optimized with the Yoast SEO plugin v27.4 - https:\/\/yoast.com\/product\/yoast-seo-wordpress\/ -->\n<title>Elections f\u00e9d\u00e9rales 2023<\/title>\n<meta name=\"description\" content=\"Elections du Conseil national, \u00e9lections du Conseil des Etats: les actions insieme veulent sensibiliser l&#039;opinion publique \u00e0 la participation politique des citoyen\u00b7ne\u00b7s vivant avec un handicap mental.\" \/>\n<meta name=\"robots\" content=\"index, follow, max-snippet:-1, max-image-preview:large, max-video-preview:-1\" \/>\n<link rel=\"canonical\" href=\"https:\/\/insieme.ch\/fr\/votations\/\" \/>\n<meta property=\"og:locale\" content=\"fr_FR\" \/>\n<meta property=\"og:type\" content=\"article\" \/>\n<meta property=\"og:title\" content=\"Elections f\u00e9d\u00e9rales 2023\" \/>\n<meta property=\"og:description\" content=\"Elections du Conseil national, \u00e9lections du Conseil des Etats: les actions insieme veulent sensibiliser l&#039;opinion publique \u00e0 la participation politique des citoyen\u00b7ne\u00b7s vivant avec un handicap mental.\" \/>\n<meta property=\"og:url\" content=\"https:\/\/insieme.ch\/fr\/votations\/\" \/>\n<meta property=\"og:site_name\" content=\"insieme.ch\" \/>\n<meta property=\"article:modified_time\" content=\"2025-02-25T07:59:38+00:00\" \/>\n<meta property=\"og:image\" content=\"https:\/\/insieme.ch\/wp-inside\/uploads\/2023\/09\/230817_insieme_marti_und_baume-schneider_4-3.jpg\" \/>\n\t<meta property=\"og:image:width\" content=\"2000\" \/>\n\t<meta property=\"og:image:height\" content=\"1500\" \/>\n\t<meta property=\"og:image:type\" content=\"image\/jpeg\" \/>\n<meta name=\"twitter:card\" content=\"summary_large_image\" \/>\n<meta name=\"twitter:label1\" content=\"Dur\u00e9e de lecture estim\u00e9e\" \/>\n\t<meta name=\"twitter:data1\" content=\"7 minutes\" \/>\n<script type=\"application\/ld+json\" class=\"yoast-schema-graph\">{\"@context\":\"https:\\\/\\\/schema.org\",\"@graph\":[{\"@type\":\"WebPage\",\"@id\":\"https:\\\/\\\/insieme.ch\\\/fr\\\/votations\\\/\",\"url\":\"https:\\\/\\\/insieme.ch\\\/fr\\\/votations\\\/\",\"name\":\"Elections f\u00e9d\u00e9rales 2023\",\"isPartOf\":{\"@id\":\"https:\\\/\\\/insieme.ch\\\/fr\\\/#website\"},\"primaryImageOfPage\":{\"@id\":\"https:\\\/\\\/insieme.ch\\\/fr\\\/votations\\\/#primaryimage\"},\"image\":{\"@id\":\"https:\\\/\\\/insieme.ch\\\/fr\\\/votations\\\/#primaryimage\"},\"thumbnailUrl\":\"https:\\\/\\\/insieme.ch\\\/wp-inside\\\/uploads\\\/2023\\\/09\\\/230817_insieme_marti_und_baume-schneider_4-3.jpg\",\"datePublished\":\"2023-09-01T09:45:50+00:00\",\"dateModified\":\"2025-02-25T07:59:38+00:00\",\"description\":\"Elections du Conseil national, \u00e9lections du Conseil des Etats: les actions insieme veulent sensibiliser l'opinion publique \u00e0 la participation politique des citoyen\u00b7ne\u00b7s vivant avec un handicap mental.\",\"breadcrumb\":{\"@id\":\"https:\\\/\\\/insieme.ch\\\/fr\\\/votations\\\/#breadcrumb\"},\"inLanguage\":\"fr-FR\",\"potentialAction\":[{\"@type\":\"ReadAction\",\"target\":[\"https:\\\/\\\/insieme.ch\\\/fr\\\/votations\\\/\"]}]},{\"@type\":\"ImageObject\",\"inLanguage\":\"fr-FR\",\"@id\":\"https:\\\/\\\/insieme.ch\\\/fr\\\/votations\\\/#primaryimage\",\"url\":\"https:\\\/\\\/insieme.ch\\\/wp-inside\\\/uploads\\\/2023\\\/09\\\/230817_insieme_marti_und_baume-schneider_4-3.jpg\",\"contentUrl\":\"https:\\\/\\\/insieme.ch\\\/wp-inside\\\/uploads\\\/2023\\\/09\\\/230817_insieme_marti_und_baume-schneider_4-3.jpg\",\"width\":2000,\"height\":1500,\"caption\":\"OLYMPUS DIGITAL CAMERA\"},{\"@type\":\"BreadcrumbList\",\"@id\":\"https:\\\/\\\/insieme.ch\\\/fr\\\/votations\\\/#breadcrumb\",\"itemListElement\":[{\"@type\":\"ListItem\",\"position\":1,\"name\":\"Accueil\",\"item\":\"https:\\\/\\\/insieme.ch\\\/fr\\\/\"},{\"@type\":\"ListItem\",\"position\":2,\"name\":\"Elections f\u00e9d\u00e9rales 2023\"}]},{\"@type\":\"WebSite\",\"@id\":\"https:\\\/\\\/insieme.ch\\\/fr\\\/#website\",\"url\":\"https:\\\/\\\/insieme.ch\\\/fr\\\/\",\"name\":\"insieme.ch\",\"description\":\"\",\"publisher\":{\"@id\":\"https:\\\/\\\/insieme.ch\\\/fr\\\/#organization\"},\"potentialAction\":[{\"@type\":\"SearchAction\",\"target\":{\"@type\":\"EntryPoint\",\"urlTemplate\":\"https:\\\/\\\/insieme.ch\\\/fr\\\/?s={search_term_string}\"},\"query-input\":{\"@type\":\"PropertyValueSpecification\",\"valueRequired\":true,\"valueName\":\"search_term_string\"}}],\"inLanguage\":\"fr-FR\"},{\"@type\":\"Organization\",\"@id\":\"https:\\\/\\\/insieme.ch\\\/fr\\\/#organization\",\"name\":\"insieme\",\"url\":\"https:\\\/\\\/insieme.ch\\\/fr\\\/\",\"logo\":{\"@type\":\"ImageObject\",\"inLanguage\":\"fr-FR\",\"@id\":\"https:\\\/\\\/insieme.ch\\\/fr\\\/#\\\/schema\\\/logo\\\/image\\\/\",\"url\":\"https:\\\/\\\/insieme.ch\\\/wp-inside\\\/uploads\\\/2021\\\/03\\\/logo-insieme.jpg\",\"contentUrl\":\"https:\\\/\\\/insieme.ch\\\/wp-inside\\\/uploads\\\/2021\\\/03\\\/logo-insieme.jpg\",\"width\":250,\"height\":250,\"caption\":\"insieme\"},\"image\":{\"@id\":\"https:\\\/\\\/insieme.ch\\\/fr\\\/#\\\/schema\\\/logo\\\/image\\\/\"}}]}<\/script>\n<!-- \/ Yoast SEO plugin. -->","yoast_head_json":{"title":"Elections f\u00e9d\u00e9rales 2023","description":"Elections du Conseil national, \u00e9lections du Conseil des Etats: les actions insieme veulent sensibiliser l'opinion publique \u00e0 la participation politique des citoyen\u00b7ne\u00b7s vivant avec un handicap mental.","robots":{"index":"index","follow":"follow","max-snippet":"max-snippet:-1","max-image-preview":"max-image-preview:large","max-video-preview":"max-video-preview:-1"},"canonical":"https:\/\/insieme.ch\/fr\/votations\/","og_locale":"fr_FR","og_type":"article","og_title":"Elections f\u00e9d\u00e9rales 2023","og_description":"Elections du Conseil national, \u00e9lections du Conseil des Etats: les actions insieme veulent sensibiliser l'opinion publique \u00e0 la participation politique des citoyen\u00b7ne\u00b7s vivant avec un handicap mental.","og_url":"https:\/\/insieme.ch\/fr\/votations\/","og_site_name":"insieme.ch","article_modified_time":"2025-02-25T07:59:38+00:00","og_image":[{"width":2000,"height":1500,"url":"https:\/\/insieme.ch\/wp-inside\/uploads\/2023\/09\/230817_insieme_marti_und_baume-schneider_4-3.jpg","type":"image\/jpeg"}],"twitter_card":"summary_large_image","twitter_misc":{"Dur\u00e9e de lecture estim\u00e9e":"7 minutes"},"schema":{"@context":"https:\/\/schema.org","@graph":[{"@type":"WebPage","@id":"https:\/\/insieme.ch\/fr\/votations\/","url":"https:\/\/insieme.ch\/fr\/votations\/","name":"Elections f\u00e9d\u00e9rales 2023","isPartOf":{"@id":"https:\/\/insieme.ch\/fr\/#website"},"primaryImageOfPage":{"@id":"https:\/\/insieme.ch\/fr\/votations\/#primaryimage"},"image":{"@id":"https:\/\/insieme.ch\/fr\/votations\/#primaryimage"},"thumbnailUrl":"https:\/\/insieme.ch\/wp-inside\/uploads\/2023\/09\/230817_insieme_marti_und_baume-schneider_4-3.jpg","datePublished":"2023-09-01T09:45:50+00:00","dateModified":"2025-02-25T07:59:38+00:00","description":"Elections du Conseil national, \u00e9lections du Conseil des Etats: les actions insieme veulent sensibiliser l'opinion publique \u00e0 la participation politique des citoyen\u00b7ne\u00b7s vivant avec un handicap mental.","breadcrumb":{"@id":"https:\/\/insieme.ch\/fr\/votations\/#breadcrumb"},"inLanguage":"fr-FR","potentialAction":[{"@type":"ReadAction","target":["https:\/\/insieme.ch\/fr\/votations\/"]}]},{"@type":"ImageObject","inLanguage":"fr-FR","@id":"https:\/\/insieme.ch\/fr\/votations\/#primaryimage","url":"https:\/\/insieme.ch\/wp-inside\/uploads\/2023\/09\/230817_insieme_marti_und_baume-schneider_4-3.jpg","contentUrl":"https:\/\/insieme.ch\/wp-inside\/uploads\/2023\/09\/230817_insieme_marti_und_baume-schneider_4-3.jpg","width":2000,"height":1500,"caption":"OLYMPUS DIGITAL CAMERA"},{"@type":"BreadcrumbList","@id":"https:\/\/insieme.ch\/fr\/votations\/#breadcrumb","itemListElement":[{"@type":"ListItem","position":1,"name":"Accueil","item":"https:\/\/insieme.ch\/fr\/"},{"@type":"ListItem","position":2,"name":"Elections f\u00e9d\u00e9rales 2023"}]},{"@type":"WebSite","@id":"https:\/\/insieme.ch\/fr\/#website","url":"https:\/\/insieme.ch\/fr\/","name":"insieme.ch","description":"","publisher":{"@id":"https:\/\/insieme.ch\/fr\/#organization"},"potentialAction":[{"@type":"SearchAction","target":{"@type":"EntryPoint","urlTemplate":"https:\/\/insieme.ch\/fr\/?s={search_term_string}"},"query-input":{"@type":"PropertyValueSpecification","valueRequired":true,"valueName":"search_term_string"}}],"inLanguage":"fr-FR"},{"@type":"Organization","@id":"https:\/\/insieme.ch\/fr\/#organization","name":"insieme","url":"https:\/\/insieme.ch\/fr\/","logo":{"@type":"ImageObject","inLanguage":"fr-FR","@id":"https:\/\/insieme.ch\/fr\/#\/schema\/logo\/image\/","url":"https:\/\/insieme.ch\/wp-inside\/uploads\/2021\/03\/logo-insieme.jpg","contentUrl":"https:\/\/insieme.ch\/wp-inside\/uploads\/2021\/03\/logo-insieme.jpg","width":250,"height":250,"caption":"insieme"},"image":{"@id":"https:\/\/insieme.ch\/fr\/#\/schema\/logo\/image\/"}}]}},"_links":{"self":[{"href":"https:\/\/insieme.ch\/fr\/wp-json\/wp\/v2\/pages\/19760","targetHints":{"allow":["GET"]}}],"collection":[{"href":"https:\/\/insieme.ch\/fr\/wp-json\/wp\/v2\/pages"}],"about":[{"href":"https:\/\/insieme.ch\/fr\/wp-json\/wp\/v2\/types\/page"}],"author":[{"embeddable":true,"href":"https:\/\/insieme.ch\/fr\/wp-json\/wp\/v2\/users\/3"}],"replies":[{"embeddable":true,"href":"https:\/\/insieme.ch\/fr\/wp-json\/wp\/v2\/comments?post=19760"}],"version-history":[{"count":52,"href":"https:\/\/insieme.ch\/fr\/wp-json\/wp\/v2\/pages\/19760\/revisions"}],"predecessor-version":[{"id":20822,"href":"https:\/\/insieme.ch\/fr\/wp-json\/wp\/v2\/pages\/19760\/revisions\/20822"}],"wp:featuredmedia":[{"embeddable":true,"href":"https:\/\/insieme.ch\/fr\/wp-json\/wp\/v2\/media\/20148"}],"wp:attachment":[{"href":"https:\/\/insieme.ch\/fr\/wp-json\/wp\/v2\/media?parent=19760"}],"curies":[{"name":"wp","href":"https:\/\/api.w.org\/{rel}","templated":true}]}}